{"id":707,"date":"2024-09-20T13:04:38","date_gmt":"2024-09-20T11:04:38","guid":{"rendered":"https:\/\/kalmacentreterapeutic.com\/estudi-de-la-marxa"},"modified":"2024-09-26T12:21:05","modified_gmt":"2024-09-26T10:21:05","slug":"estudio-de-la-pisada","status":"publish","type":"page","link":"https:\/\/kalmacentreterapeutic.com\/es\/estudio-de-la-pisada","title":{"rendered":"Estudio de la pisada"},"content":{"rendered":"\n  <div class=\"banner has-hover\" id=\"banner-717711683\">\n          <div class=\"banner-inner fill\">\n        <div class=\"banner-bg fill\" >\n            <div class=\"bg fill bg-fill \"><\/div>\n                        <div class=\"overlay\"><\/div>            \n                    <\/div><!-- bg-layers -->\n        <div class=\"banner-layers container\">\n            <div class=\"fill banner-link\"><\/div>            \n   <div id=\"text-box-113048875\" class=\"text-box banner-layer x50 md-x50 lg-x50 y50 md-y50 lg-y50 res-text\">\n                                <div class=\"text dark\">\n              \n              <div class=\"text-inner text-center\">\n                  \n<h2><strong>Estudi de la pisada<\/strong><\/h2>\n              <\/div>\n           <\/div><!-- text-box-inner -->\n                            \n<style scope=\"scope\">\n\n#text-box-113048875 {\n  width: 60%;\n}\n#text-box-113048875 .text {\n  font-size: 100%;\n}\n<\/style>\n    <\/div><!-- text-box -->\n \n        <\/div><!-- .banner-layers -->\n      <\/div><!-- .banner-inner -->\n\n            \n<style scope=\"scope\">\n\n#banner-717711683 {\n  padding-top: 300px;\n}\n#banner-717711683 .bg.bg-loaded {\n  background-image: url(https:\/\/kalmacentreterapeutic.com\/wp-content\/uploads\/2024\/01\/DSC_0032-Recuperado-copia-scaled.jpg);\n}\n#banner-717711683 .overlay {\n  background-color: rgba(0, 0, 0, 0.31);\n}\n#banner-717711683 .bg {\n  background-position: 35% 51%;\n}\n<\/style>\n  <\/div><!-- .banner -->\n\n\n<div class=\"gap-element clearfix\" style=\"display:block; height:auto; padding-top:65px\"><\/div>\n<div class=\"row align-center\"  id=\"row-1747293279\">\n<div class=\"col medium-10 small-12 large-10\"  ><div class=\"col-inner\"  >\n<h3 style=\"text-align: center;\">Estudio de la pisada: Analizamos tu pisada para mejorar tu salud y prevenir lesiones<\/h3>\n<h3 class=\"thin-font\" style=\"text-align: center;\">En el Centro Kalma ofrecemos un estudio biomec\u00e1nico de la pisada para analizar tu pisada e identificar desequilibrios que pueden causar lesiones o molestias a largo plazo. Este estudio es clave para mejorar la postura y optimizar tu movilidad.<\/h3>\n<\/div><\/div>\n\n<style scope=\"scope\">\n\n<\/style>\n<\/div>\n<div class=\"gap-element clearfix\" style=\"display:block; height:auto; padding-top:65px\"><\/div>\n\t<section class=\"section\" id=\"section_1861382968\">\n\t\t<div class=\"bg section-bg fill bg-fill  bg-loaded\" >\n\n\t\t\t\n\t\t\t<div class=\"section-bg-overlay absolute fill\"><\/div>\n\t\t\t\n\n\t\t<\/div><!-- .section-bg -->\n\n\t\t<div class=\"section-content relative\">\n\t\t\t\n<div class=\"row row-large align-middle\"  id=\"row-470630771\">\n<div class=\"col medium-6 small-12 large-6\"  ><div class=\"col-inner\"  >\n\t<div class=\"img has-hover x md-x lg-x y md-y lg-y\" id=\"image_2136447603\">\n\t\t\t\t\t\t\t\t<div class=\"img-inner dark\" >\n\t\t\t<img loading=\"lazy\" decoding=\"async\" width=\"700\" height=\"394\" src=\"https:\/\/kalmacentreterapeutic.com\/wp-content\/uploads\/2023\/09\/biomecanic-min.jpeg\" class=\"attachment-large size-large\" alt=\"\" srcset=\"https:\/\/kalmacentreterapeutic.com\/wp-content\/uploads\/2023\/09\/biomecanic-min.jpeg 700w, https:\/\/kalmacentreterapeutic.com\/wp-content\/uploads\/2023\/09\/biomecanic-min-300x169.jpeg 300w, https:\/\/kalmacentreterapeutic.com\/wp-content\/uploads\/2023\/09\/biomecanic-min-600x338.jpeg 600w\" sizes=\"auto, (max-width: 700px) 100vw, 700px\" \/>\t\t\t\t\t\t\n\t\t\t\t\t<\/div>\n\t\t\t\t\t\t\t\t\n<style scope=\"scope\">\n\n#image_2136447603 {\n  width: 100%;\n}\n<\/style>\n\t<\/div>\n\t\n<\/div><\/div>\n<div class=\"col medium-6 small-12 large-6\"  ><div class=\"col-inner text-left\"  >\n<h2>\u00bfQu\u00e9 es el estudio de la pisada?<\/h2>\n<p>El estudio de la pisada consiste en una evaluaci\u00f3n completa de tu postura y pisada. A trav\u00e9s de un an\u00e1lisis en movimiento y est\u00e1tico, nuestros especialistas pueden detectar desalineaciones que pueden afectar el buen funcionamiento de tus pies, rodillas y caderas.<\/p>\n<\/div><\/div>\n\n<style scope=\"scope\">\n\n<\/style>\n<\/div>\n\t\t<\/div><!-- .section-content -->\n\n\t\t\n<style scope=\"scope\">\n\n#section_1861382968 {\n  padding-top: 60px;\n  padding-bottom: 60px;\n  background-color: rgb(193, 193, 193);\n}\n#section_1861382968 .section-bg-overlay {\n  background-color: rgba(255, 255, 255, 0.85);\n}\n<\/style>\n\t<\/section>\n\t\n<div class=\"gap-element clearfix\" style=\"display:block; height:auto; padding-top:9px\"><\/div>\n<div class=\"gap-element clearfix\" style=\"display:block; height:auto; padding-top:9px\"><\/div>\n<div class=\"gap-element clearfix\" style=\"display:block; height:auto; padding-top:30px\"><\/div>\n\t<section class=\"section dark has-mask mask-arrow\" id=\"section_1521792144\">\n\t\t<div class=\"bg section-bg fill bg-fill  bg-loaded\" >\n\n\t\t\t\n\t\t\t<div class=\"section-bg-overlay absolute fill\"><\/div>\n\t\t\t\n\t<div class=\"is-border\"\n\t\tstyle=\"border-color:rgb(235, 235, 235);border-width:1px 0px 0px 0px;\">\n\t<\/div>\n\n\t\t<\/div><!-- .section-bg -->\n\n\t\t<div class=\"section-content relative\">\n\t\t\t\n<div class=\"row\"  id=\"row-959972140\">\n<div class=\"col medium-4 small-12 large-4\"  ><div class=\"col-inner text-shadow-2\"  >\n<h2>\u00bfA qui\u00e9n va dirigido?<\/h2>\n<p style=\"text-align: left;\"><strong>Deportistas<\/strong>: Mejora del rendimiento y prevenci\u00f3n de lesiones deportivas.<br \/>\n<strong>Personas con dolores cr\u00f3nicos<\/strong>: Alivio del dolor y correcci\u00f3n de la postura.<br \/>\n<strong>Personas mayores<\/strong>: Mejora del equilibrio y prevenci\u00f3n de ca\u00eddas.<\/p>\n<\/div><\/div>\n<div class=\"col medium-4 small-12 large-4\"  ><div class=\"col-inner text-shadow-2\"  >\n<h2>\u00bfQu\u00e9 tratamos con el estudio de la pisada?<\/h2>\n<p>Este estudio es fundamental para la prevenci\u00f3n de patolog\u00edas como tendinitis, fascitis plantares o sobrecargas musculares, y tambi\u00e9n para corregir problemas ya existentes.<\/p>\n<\/div><\/div>\n<div class=\"col medium-4 small-12 large-4\"  ><div class=\"col-inner text-shadow-2\"  >\n<h2>\u00bfC\u00f3mo es el procedimiento del estudio de la pisada?<\/h2>\n<p>Utilizamos tecnolog\u00eda de \u00faltima generaci\u00f3n para monitorizar tu pisada y movimiento, y dise\u00f1amos un plan de tratamiento adaptado a tus necesidades espec\u00edficas.<\/p>\n<\/div><\/div>\n<\/div>\n\t\t<\/div><!-- .section-content -->\n\n\t\t\n<style scope=\"scope\">\n\n#section_1521792144 {\n  padding-top: 59px;\n  padding-bottom: 59px;\n  min-height: 300px;\n  background-color: rgb(0, 0, 0);\n}\n#section_1521792144 .section-bg-overlay {\n  background-color: rgba(0, 0, 0, 0.4);\n}\n<\/style>\n\t<\/section>\n\t\n<div class=\"row\"  id=\"row-933266261\">\n<div class=\"col small-12 large-12\"  ><div class=\"col-inner\"  >\n<div class=\"gap-element clearfix\" style=\"display:block; height:auto; padding-top:30px\"><\/div>\n<div class=\"container section-title-container\" ><h3 class=\"section-title section-title-center\"><b><\/b><span class=\"section-title-main\" >Opiniones de algunos de nuestros clientes<\/span><b><\/b><\/h3><\/div><!-- .section-title -->\n<div class=\"row align-center\"  id=\"row-1300326413\">\n<div class=\"col medium-4 small-12 large-4\"  ><div class=\"col-inner\"  >\n  <div class=\"icon-box testimonial-box icon-box-center text-center\">\n                <div class=\"icon-box-img testimonial-image circle\" style=\"width: 121px\">\n                      <\/div>\n                <div class=\"icon-box-text p-last-0\">\n            \t\t\t\t<div class=\"testimonial-text line-height-small italic test_text first-reset last-reset is-italic\">\n            \n<p>\u201cLlevaba meses sufriendo dolor en las rodillas despu\u00e9s de correr, hasta que decid\u00ed hacer un estudio de la pisada en el Centre Kalma. Detectaron que mi pisada era irregular, y con unas plantillas personalizadas, el dolor ha desaparecido por completo. \u00a1Ahora corro m\u00e1s c\u00f3modo que nunca!\u201d<\/p>\n          <\/div>\n          <div class=\"testimonial-meta pt-half\">\n             <strong class=\"testimonial-name test_name\">David M.<\/strong>\n             <span class=\"testimonial-name-divider\"> \/ <\/span>             <span class=\"testimonial-company test_company\">deportista aficionado<\/span>\n          <\/div>\n        <\/div>\n  <\/div><!-- .icon-box -->\n\n  \n<\/div><\/div>\n<div class=\"col medium-4 small-12 large-4\"  ><div class=\"col-inner\"  >\n  <div class=\"icon-box testimonial-box icon-box-center text-center\">\n                <div class=\"icon-box-img testimonial-image circle\" style=\"width: 121px\">\n                      <\/div>\n                <div class=\"icon-box-text p-last-0\">\n            \t\t\t\t<div class=\"testimonial-text line-height-small italic test_text first-reset last-reset is-italic\">\n            \n<p>Como persona mayor, me preocupaba mucho mi estabilidad al caminar. El Centre Kalma me hizo un estudio completo de la pisada y me recomendaron unas plantillas especiales que me dan m\u00e1s seguridad y equilibrio. Ahora camino con m\u00e1s confianza y sin miedo a caer. \u00a1Recomiendo el servicio a todos!<\/p>\n          <\/div>\n          <div class=\"testimonial-meta pt-half\">\n             <strong class=\"testimonial-name test_name\">Pere C.<\/strong>\n             <span class=\"testimonial-name-divider\"> \/ <\/span>             <span class=\"testimonial-company test_company\">Client de Llagostera<\/span>\n          <\/div>\n        <\/div>\n  <\/div><!-- .icon-box -->\n\n  \n<\/div><\/div>\n<div class=\"col medium-4 small-12 large-4\"  ><div class=\"col-inner\"  >\n  <div class=\"icon-box testimonial-box icon-box-center text-center\">\n                <div class=\"icon-box-img testimonial-image circle\" style=\"width: 121px\">\n                      <\/div>\n                <div class=\"icon-box-text p-last-0\">\n            \t\t\t\t<div class=\"testimonial-text line-height-small italic test_text first-reset last-reset is-italic\">\n            \n<p>Durante a\u00f1os, sufr\u00eda molestias constantes en la zona lumbar. Despu\u00e9s de realizar el estudio de la pisada en el Centre Kalma, detectaron que mi postura al caminar estaba afectando la columna. Con los ajustes adecuados y unas plantillas, he notado una mejor\u00eda espectacular. Estoy muy agradecida con el Centre Kalma.<\/p>\n          <\/div>\n          <div class=\"testimonial-meta pt-half\">\n             <strong class=\"testimonial-name test_name\">Maria G.<\/strong>\n             <span class=\"testimonial-name-divider\"> \/ <\/span>             <span class=\"testimonial-company test_company\">Clienta de Cass\u00e0 de la Selva<\/span>\n          <\/div>\n        <\/div>\n  <\/div><!-- .icon-box -->\n\n  \n<\/div><\/div>\n\n<style scope=\"scope\">\n\n<\/style>\n<\/div>\n<\/div><\/div>\n<\/div>\n<div class=\"message-box relative dark\" style=\"padding-top:91px;padding-bottom:91px;\"><div class=\"message-box-bg-image bg-fill fill\" ><\/div><div class=\"message-box-bg-overlay bg-fill fill\" ><\/div><div class=\"container relative\"><div class=\"inner last-reset\">\n<div class=\"row align-middle align-center\"  id=\"row-1399746390\">\n<div class=\"col medium-7 small-12 large-7\"  ><div class=\"col-inner\"  >\n<h2>\u00bfQuieres mejorar tu postura y evitar lesiones?<\/h2>\n<p>\u00a1No esperes m\u00e1s! Un estudio de la pisada personalizado puede ser la clave para aliviar el dolor y mejorar tu calidad de vida. Tanto si eres deportista como si simplemente quieres caminar con mayor comodidad, en el Centro Kalma te ofrecemos la soluci\u00f3n adecuada para ti.<\/p>\n<\/div><\/div>\n<div class=\"col medium-4 small-12 large-4\"  ><div class=\"col-inner text-center\"  >\n<a href=\"https:\/\/kalmacentreterapeutic.com\/es\/contacto\" target=\"_self\" class=\"button white is-outline\"  style=\"border-radius:99px;\">\n    <span>Haz tu reserva<\/span>\n  <\/a>\n\n<\/div><\/div>\n\n<style scope=\"scope\">\n\n<\/style>\n<\/div>\n<\/div><\/div><\/div>\n","protected":false},"excerpt":{"rendered":"","protected":false},"author":1,"featured_media":0,"parent":0,"menu_order":0,"comment_status":"closed","ping_status":"closed","template":"page-blank.php","meta":{"footnotes":""},"class_list":["post-707","page","type-page","status-publish","hentry"],"yoast_head":"<!-- This site is optimized with the Yoast SEO plugin v26.8 - https:\/\/yoast.com\/product\/yoast-seo-wordpress\/ -->\n<title>Estudio de la pisada - Kalma Centre Terap\u00e8utic<\/title>\n<meta name=\"description\" content=\"L&#039;estudi de la marxa \u00e9s vital per evitar lesions i per poder c\u00f3rrer o caminar sense mol\u00e8sties ni dolor. Al Centre Kalma et podem ajudar.\" \/>\n<meta name=\"robots\" content=\"index, follow, max-snippet:-1, max-image-preview:large, max-video-preview:-1\" \/>\n<link rel=\"canonical\" href=\"https:\/\/kalmacentreterapeutic.com\/es\/estudio-de-la-pisada\" \/>\n<meta property=\"og:locale\" content=\"es_ES\" \/>\n<meta property=\"og:type\" content=\"article\" \/>\n<meta property=\"og:title\" content=\"Estudio de la pisada - Kalma Centre Terap\u00e8utic\" \/>\n<meta property=\"og:description\" content=\"L&#039;estudi de la marxa \u00e9s vital per evitar lesions i per poder c\u00f3rrer o caminar sense mol\u00e8sties ni dolor. Al Centre Kalma et podem ajudar.\" \/>\n<meta property=\"og:url\" content=\"https:\/\/kalmacentreterapeutic.com\/es\/estudio-de-la-pisada\" \/>\n<meta property=\"og:site_name\" content=\"Kalma Centre Terap\u00e8utic\" \/>\n<meta property=\"article:modified_time\" content=\"2024-09-26T10:21:05+00:00\" \/>\n<meta name=\"twitter:card\" content=\"summary_large_image\" \/>\n<meta name=\"twitter:label1\" content=\"Tiempo de lectura\" \/>\n\t<meta name=\"twitter:data1\" content=\"4 minutos\" \/>\n<script type=\"application\/ld+json\" class=\"yoast-schema-graph\">{\"@context\":\"https:\/\/schema.org\",\"@graph\":[{\"@type\":\"WebPage\",\"@id\":\"https:\/\/kalmacentreterapeutic.com\/es\/estudio-de-la-pisada\",\"url\":\"https:\/\/kalmacentreterapeutic.com\/es\/estudio-de-la-pisada\",\"name\":\"Estudio de la pisada - Kalma Centre Terap\u00e8utic\",\"isPartOf\":{\"@id\":\"https:\/\/kalmacentreterapeutic.com\/es#website\"},\"datePublished\":\"2024-09-20T11:04:38+00:00\",\"dateModified\":\"2024-09-26T10:21:05+00:00\",\"description\":\"L'estudi de la marxa \u00e9s vital per evitar lesions i per poder c\u00f3rrer o caminar sense mol\u00e8sties ni dolor. Al Centre Kalma et podem ajudar.\",\"breadcrumb\":{\"@id\":\"https:\/\/kalmacentreterapeutic.com\/es\/estudio-de-la-pisada#breadcrumb\"},\"inLanguage\":\"es\",\"potentialAction\":[{\"@type\":\"ReadAction\",\"target\":[\"https:\/\/kalmacentreterapeutic.com\/es\/estudio-de-la-pisada\"]}]},{\"@type\":\"BreadcrumbList\",\"@id\":\"https:\/\/kalmacentreterapeutic.com\/es\/estudio-de-la-pisada#breadcrumb\",\"itemListElement\":[{\"@type\":\"ListItem\",\"position\":1,\"name\":\"Inici\",\"item\":\"https:\/\/kalmacentreterapeutic.com\/es\"},{\"@type\":\"ListItem\",\"position\":2,\"name\":\"Estudio de la pisada\"}]},{\"@type\":\"WebSite\",\"@id\":\"https:\/\/kalmacentreterapeutic.com\/es#website\",\"url\":\"https:\/\/kalmacentreterapeutic.com\/es\",\"name\":\"Kalma Centre Terap\u00e8utic\",\"description\":\"\",\"publisher\":{\"@id\":\"https:\/\/kalmacentreterapeutic.com\/es#organization\"},\"potentialAction\":[{\"@type\":\"SearchAction\",\"target\":{\"@type\":\"EntryPoint\",\"urlTemplate\":\"https:\/\/kalmacentreterapeutic.com\/es?s={search_term_string}\"},\"query-input\":{\"@type\":\"PropertyValueSpecification\",\"valueRequired\":true,\"valueName\":\"search_term_string\"}}],\"inLanguage\":\"es\"},{\"@type\":\"Organization\",\"@id\":\"https:\/\/kalmacentreterapeutic.com\/es#organization\",\"name\":\"Kalma Centre Terap\u00e8utic\",\"url\":\"https:\/\/kalmacentreterapeutic.com\/es\",\"logo\":{\"@type\":\"ImageObject\",\"inLanguage\":\"es\",\"@id\":\"https:\/\/kalmacentreterapeutic.com\/es#\/schema\/logo\/image\/\",\"url\":\"https:\/\/kalmacentreterapeutic.com\/wp-content\/uploads\/2023\/10\/logo-transparent-web.png\",\"contentUrl\":\"https:\/\/kalmacentreterapeutic.com\/wp-content\/uploads\/2023\/10\/logo-transparent-web.png\",\"width\":400,\"height\":222,\"caption\":\"Kalma Centre Terap\u00e8utic\"},\"image\":{\"@id\":\"https:\/\/kalmacentreterapeutic.com\/es#\/schema\/logo\/image\/\"}}]}<\/script>\n<!-- \/ Yoast SEO plugin. -->","yoast_head_json":{"title":"Estudio de la pisada - Kalma Centre Terap\u00e8utic","description":"L'estudi de la marxa \u00e9s vital per evitar lesions i per poder c\u00f3rrer o caminar sense mol\u00e8sties ni dolor. Al Centre Kalma et podem ajudar.","robots":{"index":"index","follow":"follow","max-snippet":"max-snippet:-1","max-image-preview":"max-image-preview:large","max-video-preview":"max-video-preview:-1"},"canonical":"https:\/\/kalmacentreterapeutic.com\/es\/estudio-de-la-pisada","og_locale":"es_ES","og_type":"article","og_title":"Estudio de la pisada - Kalma Centre Terap\u00e8utic","og_description":"L'estudi de la marxa \u00e9s vital per evitar lesions i per poder c\u00f3rrer o caminar sense mol\u00e8sties ni dolor. Al Centre Kalma et podem ajudar.","og_url":"https:\/\/kalmacentreterapeutic.com\/es\/estudio-de-la-pisada","og_site_name":"Kalma Centre Terap\u00e8utic","article_modified_time":"2024-09-26T10:21:05+00:00","twitter_card":"summary_large_image","twitter_misc":{"Tiempo de lectura":"4 minutos"},"schema":{"@context":"https:\/\/schema.org","@graph":[{"@type":"WebPage","@id":"https:\/\/kalmacentreterapeutic.com\/es\/estudio-de-la-pisada","url":"https:\/\/kalmacentreterapeutic.com\/es\/estudio-de-la-pisada","name":"Estudio de la pisada - Kalma Centre Terap\u00e8utic","isPartOf":{"@id":"https:\/\/kalmacentreterapeutic.com\/es#website"},"datePublished":"2024-09-20T11:04:38+00:00","dateModified":"2024-09-26T10:21:05+00:00","description":"L'estudi de la marxa \u00e9s vital per evitar lesions i per poder c\u00f3rrer o caminar sense mol\u00e8sties ni dolor. Al Centre Kalma et podem ajudar.","breadcrumb":{"@id":"https:\/\/kalmacentreterapeutic.com\/es\/estudio-de-la-pisada#breadcrumb"},"inLanguage":"es","potentialAction":[{"@type":"ReadAction","target":["https:\/\/kalmacentreterapeutic.com\/es\/estudio-de-la-pisada"]}]},{"@type":"BreadcrumbList","@id":"https:\/\/kalmacentreterapeutic.com\/es\/estudio-de-la-pisada#breadcrumb","itemListElement":[{"@type":"ListItem","position":1,"name":"Inici","item":"https:\/\/kalmacentreterapeutic.com\/es"},{"@type":"ListItem","position":2,"name":"Estudio de la pisada"}]},{"@type":"WebSite","@id":"https:\/\/kalmacentreterapeutic.com\/es#website","url":"https:\/\/kalmacentreterapeutic.com\/es","name":"Kalma Centre Terap\u00e8utic","description":"","publisher":{"@id":"https:\/\/kalmacentreterapeutic.com\/es#organization"},"potentialAction":[{"@type":"SearchAction","target":{"@type":"EntryPoint","urlTemplate":"https:\/\/kalmacentreterapeutic.com\/es?s={search_term_string}"},"query-input":{"@type":"PropertyValueSpecification","valueRequired":true,"valueName":"search_term_string"}}],"inLanguage":"es"},{"@type":"Organization","@id":"https:\/\/kalmacentreterapeutic.com\/es#organization","name":"Kalma Centre Terap\u00e8utic","url":"https:\/\/kalmacentreterapeutic.com\/es","logo":{"@type":"ImageObject","inLanguage":"es","@id":"https:\/\/kalmacentreterapeutic.com\/es#\/schema\/logo\/image\/","url":"https:\/\/kalmacentreterapeutic.com\/wp-content\/uploads\/2023\/10\/logo-transparent-web.png","contentUrl":"https:\/\/kalmacentreterapeutic.com\/wp-content\/uploads\/2023\/10\/logo-transparent-web.png","width":400,"height":222,"caption":"Kalma Centre Terap\u00e8utic"},"image":{"@id":"https:\/\/kalmacentreterapeutic.com\/es#\/schema\/logo\/image\/"}}]}},"_links":{"self":[{"href":"https:\/\/kalmacentreterapeutic.com\/es\/wp-json\/wp\/v2\/pages\/707","targetHints":{"allow":["GET"]}}],"collection":[{"href":"https:\/\/kalmacentreterapeutic.com\/es\/wp-json\/wp\/v2\/pages"}],"about":[{"href":"https:\/\/kalmacentreterapeutic.com\/es\/wp-json\/wp\/v2\/types\/page"}],"author":[{"embeddable":true,"href":"https:\/\/kalmacentreterapeutic.com\/es\/wp-json\/wp\/v2\/users\/1"}],"replies":[{"embeddable":true,"href":"https:\/\/kalmacentreterapeutic.com\/es\/wp-json\/wp\/v2\/comments?post=707"}],"version-history":[{"count":3,"href":"https:\/\/kalmacentreterapeutic.com\/es\/wp-json\/wp\/v2\/pages\/707\/revisions"}],"predecessor-version":[{"id":710,"href":"https:\/\/kalmacentreterapeutic.com\/es\/wp-json\/wp\/v2\/pages\/707\/revisions\/710"}],"wp:attachment":[{"href":"https:\/\/kalmacentreterapeutic.com\/es\/wp-json\/wp\/v2\/media?parent=707"}],"curies":[{"name":"wp","href":"https:\/\/api.w.org\/{rel}","templated":true}]}}